{"id":11,"date":"2017-08-15T08:47:37","date_gmt":"2017-08-15T06:47:37","guid":{"rendered":"http:\/\/badergartenpflege.ch\/?page_id=11"},"modified":"2026-04-22T17:39:37","modified_gmt":"2026-04-22T15:39:37","slug":"ueber-mich","status":"publish","type":"page","link":"https:\/\/wildwuchs-natur.ch\/?page_id=11","title":{"rendered":"\u00dcber uns"},"content":{"rendered":"<p>Vorher bei Bader Garten und jetzt bei Wildwuchs: Seit vielen Jahren befreundet und ein eingespieltes Team!<\/p>\n<table>\n<tbody>\n<tr>\n<td><img loading=\"lazy\" decoding=\"async\" class=\"\" src=\"http:\/\/wildwuchs-natur.ch\/wp-content\/uploads\/2019\/08\/Ursi-Bader-768x1024.jpg\" width=\"304\" height=\"405\" \/><\/td>\n<td style=\"text-align: left;\"><strong>Ursi Bader<\/strong>\n<p>Gesch\u00e4ftsleitung<br \/>G\u00e4rtnerin EFZ Zierpflanzen,<br \/>Fachfrau naturnaher Gartenbau<\/p>\n<p>Ursi liebt die B\u00e4ume&#8230;..<\/p>\n<\/td>\n<\/tr>\n<tr>\n<td><img loading=\"lazy\" decoding=\"async\" class=\"\" src=\"http:\/\/wildwuchs-natur.ch\/wp-content\/uploads\/2022\/05\/signal-2022-05-12-09-08-04-158-768x1024.jpg\" width=\"298\" height=\"397\" \/><\/td>\n<td style=\"text-align: left;\"><strong>Rahel Stricker<\/strong>\n<p>Gesch\u00e4ftsleitung<br \/>G\u00e4rtnerin EFZ Zierpflanzen,<br \/>Fachfrau naturnaher Gartenbau<br \/>Landwirtin\u00a0<br \/>Gew\u00e4sserwartin<\/p>\n<p>Rahel liebt die Vielfalt&#8230;<\/p>\n<\/td>\n<\/tr>\n<tr>\n<td>\u00a0<img loading=\"lazy\" decoding=\"async\" class=\"\" src=\"https:\/\/wildwuchs-natur.ch\/wp-content\/uploads\/2024\/06\/signal-2024-05-13-21-52-29-696-e1718813775162.jpg\" width=\"298\" height=\"397\" \/><\/td>\n<td><strong>Sina Hochuli<\/strong>\n<p>G\u00e4rtnerin EFZ Zierpflanzen,<br \/>Natur-und Umweltfachfrau,<br \/>Dipl. Sozialp\u00e4dagogin<\/p>\n<p>Sina liebt die Gew\u00e4sser&#8230;<\/p>\n<\/td>\n<\/tr>\n<tr>\n<td>\u00a0<\/td>\n<td>\u00a0<\/td>\n<\/tr>\n<\/tbody>\n<\/table>\n\n\n<p><\/p>\n\n\n\n<p><\/p>\n\n\n\n<p><\/p>\n\n\n\n<p><\/p>\n","protected":false},"excerpt":{"rendered":"<p>Vorher bei Bader Garten und jetzt bei Wildwuchs: Seit vielen Jahren befreundet und ein eingespieltes Team! Ursi Bader Gesch\u00e4ftsleitungG\u00e4rtnerin EFZ Zierpflanzen,Fachfrau naturnaher Gartenbau Ursi liebt die B\u00e4ume&#8230;.. Rahel Stricker Gesch\u00e4ftsleitungG\u00e4rtnerin EFZ Zierpflanzen,Fachfrau naturnaher GartenbauLandwirtin\u00a0Gew\u00e4sserwartin Rahel liebt die Vielfalt&#8230; \u00a0 Sina Hochuli G\u00e4rtnerin EFZ Zierpflanzen,Natur-und Umweltfachfrau,Dipl. Sozialp\u00e4dagogin Sina liebt die Gew\u00e4sser&#8230; \u00a0 \u00a0<\/p>\n","protected":false},"author":3,"featured_media":349,"parent":0,"menu_order":0,"comment_status":"closed","ping_status":"closed","template":"","meta":{"footnotes":""},"class_list":["post-11","page","type-page","status-publish","has-post-thumbnail","hentry"],"_links":{"self":[{"href":"https:\/\/wildwuchs-natur.ch\/index.php?rest_route=\/wp\/v2\/pages\/11","targetHints":{"allow":["GET"]}}],"collection":[{"href":"https:\/\/wildwuchs-natur.ch\/index.php?rest_route=\/wp\/v2\/pages"}],"about":[{"href":"https:\/\/wildwuchs-natur.ch\/index.php?rest_route=\/wp\/v2\/types\/page"}],"author":[{"embeddable":true,"href":"https:\/\/wildwuchs-natur.ch\/index.php?rest_route=\/wp\/v2\/users\/3"}],"replies":[{"embeddable":true,"href":"https:\/\/wildwuchs-natur.ch\/index.php?rest_route=%2Fwp%2Fv2%2Fcomments&post=11"}],"version-history":[{"count":41,"href":"https:\/\/wildwuchs-natur.ch\/index.php?rest_route=\/wp\/v2\/pages\/11\/revisions"}],"predecessor-version":[{"id":354,"href":"https:\/\/wildwuchs-natur.ch\/index.php?rest_route=\/wp\/v2\/pages\/11\/revisions\/354"}],"wp:featuredmedia":[{"embeddable":true,"href":"https:\/\/wildwuchs-natur.ch\/index.php?rest_route=\/wp\/v2\/media\/349"}],"wp:attachment":[{"href":"https:\/\/wildwuchs-natur.ch\/index.php?rest_route=%2Fwp%2Fv2%2Fmedia&parent=11"}],"curies":[{"name":"wp","href":"https:\/\/api.w.org\/{rel}","templated":true}]}}